{"id":4263,"date":"2023-07-10T14:54:59","date_gmt":"2023-07-10T11:54:59","guid":{"rendered":"https:\/\/gisam.metu.edu.tr\/?page_id=4263"},"modified":"2026-03-12T12:30:33","modified_gmt":"2026-03-12T09:30:33","slug":"about-us","status":"publish","type":"page","link":"https:\/\/gisam.metu.edu.tr\/tr\/about-us\/","title":{"rendered":"HAKKIMIZDA"},"content":{"rendered":"<section class=\"wpb-content-wrapper\"><div class=\"vc_row wpb_row vc_row-fluid\"><div class=\"wpb_column vc_column_container vc_col-sm-12\"><div class=\"vc_column-inner\"><div class=\"wpb_wrapper\">\n\t<div class=\"wpb_text_column wpb_content_element\" >\n\t\t<div class=\"wpb_wrapper\">\n\t\t\t<p style=\"text-align: center;\">G\u0130SAM (G\u00f6rsel-\u0130\u015fitsel Sistemler Ara\u015ft\u0131rma ve Uygulama Merkezi),\nOrta Do\u011fu Teknik \u00dcniversitesi\u2019ne ba\u011fl\u0131 bir ara\u015ft\u0131rma ve uygulama merkezidir. 1993\ny\u0131l\u0131ndan bu yana kamp\u00fcste ya\u015fanan pek \u00e7ok \u00f6nemli geli\u015fmeye tan\u0131kl\u0131k eden G\u0130SAM,\ny\u00fcr\u00fctt\u00fc\u011f\u00fc s\u00f6zl\u00fc tarih \u00e7al\u0131\u015fmalar\u0131yla ODT\u00dc\u2019n\u00fcn kurulu\u015f y\u0131llar\u0131na uzanan s\u00fcreci\nbelgelendirirken ayn\u0131 zamanda \u00fcniversitenin g\u00f6rsel ve kurumsal haf\u0131zas\u0131n\u0131 olu\u015fturan\nve koruyan \u00f6nemli bir merkezdir.\nG\u0130SAM\u2019\u0131n bir di\u011fer \u00f6nemli oda\u011f\u0131 ise bilim ileti\u015fimidir. Kamp\u00fcs i\u00e7inde yer alan bir st\u00fcdyo olarak\nG\u0130SAM, bilimi daha geni\u015f kitlelerle bulu\u015fturmay\u0131 ama\u00e7layan bir misyon da \u00fcstlenmektedir.\nKurulu\u015fundan bu yana G\u0130SAM, ODT\u00dc\u2019de sinema ve video alan\u0131na ilgi duyan \u00f6\u011frenciler\ni\u00e7in bir bulu\u015fma noktas\u0131 olmay\u0131 s\u00fcrd\u00fcrmektedir. Her d\u00f6nem a\u00e7\u0131lan se\u00e7meli derslerin\nyan\u0131 s\u0131ra, y\u0131l boyunca d\u00fczenlenen at\u00f6lyelerle \u00f6\u011frencilere video \u00fcretimi \u00fczerine\nuygulamal\u0131 e\u011fitimler sunulmaktad\u0131r. G\u0130SAM\u2019daki bu s\u00fcrekli \u00fcretim ortam\u0131 i\u00e7inde,\ntoplumsal ve tarihsel konular\u0131 ele alan belgesel ve k\u0131sa film \u00e7al\u0131\u015fmalar\u0131 da hayata\nge\u00e7irilmektedir.\nUlusal ve uluslararas\u0131 projelerde \u00fcstlendi\u011fi rollerle faaliyet alan\u0131n\u0131 her ge\u00e7en g\u00fcn\ngeni\u015fleten G\u0130SAM, farkl\u0131 sinema kurulu\u015flar\u0131 ve festivallerle kurdu\u011fu i\u015f birlikleri\nsayesinde y\u0131l boyunca ortak film g\u00f6sterimleri ve etkinlikler d\u00fczenlemektedir. Bu\n\u00e7al\u0131\u015fmalar\u0131yla G\u0130SAM, hem ODT\u00dc\u2019n\u00fcn hem de Ankara\u2019n\u0131n sosyal ve sanatsal ya\u015fam\u0131na\n\u00f6nemli katk\u0131lar sunmaktad\u0131r.\nG\u0130SAM 2009 y\u0131l\u0131nda, video alan\u0131nda yaratt\u0131\u011f\u0131 etki nedeniyle 20. Ankara Uluslararas\u0131\nFilm Festivali kapsam\u0131nda \u201cKitle \u0130leti\u015fim \u00d6d\u00fcl\u00fc\u201dne lay\u0131k g\u00f6r\u00fclm\u00fc\u015ft\u00fcr<\/p>\n\n\t\t<\/div>\n\t<\/div>\n<\/div><\/div><\/div><div class=\"wpb_animate_when_almost_visible wpb_fadeIn fadeIn wpb_column vc_column_container vc_col-sm-6\"><div class=\"vc_column-inner\"><div class=\"wpb_wrapper\">\n\t<div class=\"wpb_text_column wpb_content_element\" >\n\t\t<div class=\"wpb_wrapper\">\n\t\t\t<div class=\"wp-block-columns is-layout-flex wp-container-core-columns-is-layout-1 wp-block-columns-is-layout-flex\">\n<div class=\"wp-block-column\">\n<p>&nbsp;<\/p>\n<\/div>\n<\/div>\n<div class=\"wp-block-columns\">\n<div class=\"wp-block-column\">\n<p>&nbsp;<\/p>\n<p><a href=\"https:\/\/gisam.metu.edu.tr\/wp-content\/uploads\/2018\/07\/DSC04153.jpg\"><img loading=\"lazy\" decoding=\"async\" class=\"alignleft wp-image-368 size-large\" src=\"https:\/\/gisam.metu.edu.tr\/wp-content\/uploads\/2018\/07\/DSC04153-614x1024.jpg\" alt=\"\" width=\"614\" height=\"1024\" srcset=\"https:\/\/gisam.metu.edu.tr\/wp-content\/uploads\/2018\/07\/DSC04153-614x1024.jpg 614w, https:\/\/gisam.metu.edu.tr\/wp-content\/uploads\/2018\/07\/DSC04153-180x300.jpg 180w, https:\/\/gisam.metu.edu.tr\/wp-content\/uploads\/2018\/07\/DSC04153-768x1280.jpg 768w, https:\/\/gisam.metu.edu.tr\/wp-content\/uploads\/2018\/07\/DSC04153.jpg 1229w\" sizes=\"auto, (max-width: 614px) 100vw, 614px\" \/><\/a><\/p>\n<p>&nbsp;<\/p>\n<p style=\"text-align: left;\">\u00a0<\/p>\n<\/div>\n<p>&nbsp;<\/p>\n<div class=\"wp-block-column\">\n<p style=\"text-align: left;\">\u00a0<\/p>\n<\/div>\n<\/div>\n<p style=\"text-align: center;\">\n\n\t\t<\/div>\n\t<\/div>\n<\/div><\/div><\/div><div class=\"wpb_column vc_column_container vc_col-sm-5\"><div class=\"vc_column-inner\"><div class=\"wpb_wrapper\">\n\t<div class=\"wpb_text_column wpb_content_element\" >\n\t\t<div class=\"wpb_wrapper\">\n\t\t\t<p>&nbsp;<\/p>\n<p style=\"text-align: left;\">G\u0130SAM\u2019\u0131n bir di\u011fer \u00f6nemli oda\u011f\u0131 ise bilim ileti\u015fimidir. Kamp\u00fcs i\u00e7inde yer alan bir st\u00fcdyo olarak\nG\u0130SAM, bilimi daha geni\u015f kitlelerle bulu\u015fturmay\u0131 ama\u00e7layan bir misyon da \u00fcstlenmektedir.<\/p>\n<p style=\"text-align: left;\">Kurulu\u015fundan bu yana G\u0130SAM, ODT\u00dc\u2019de sinema ve video alan\u0131na ilgi duyan \u00f6\u011frenciler\ni\u00e7in bir bulu\u015fma noktas\u0131 olmay\u0131 s\u00fcrd\u00fcrmektedir. Her d\u00f6nem a\u00e7\u0131lan se\u00e7meli derslerin\nyan\u0131 s\u0131ra, y\u0131l boyunca d\u00fczenlenen at\u00f6lyelerle \u00f6\u011frencilere video \u00fcretimi \u00fczerine\nuygulamal\u0131 e\u011fitimler sunulmaktad\u0131r. G\u0130SAM\u2019daki bu s\u00fcrekli \u00fcretim ortam\u0131 i\u00e7inde,\ntoplumsal ve tarihsel konular\u0131 ele alan belgesel ve k\u0131sa film \u00e7al\u0131\u015fmalar\u0131 da hayata\nge\u00e7irilmektedir.<\/p>\n<p style=\"text-align: left;\">Ulusal ve uluslararas\u0131 projelerde \u00fcstlendi\u011fi rollerle faaliyet alan\u0131n\u0131 her ge\u00e7en g\u00fcn\ngeni\u015fleten G\u0130SAM, farkl\u0131 sinema kurulu\u015flar\u0131 ve festivallerle kurdu\u011fu i\u015f birlikleri\nsayesinde y\u0131l boyunca ortak film g\u00f6sterimleri ve etkinlikler d\u00fczenlemektedir.<\/p>\n<p style=\"text-align: left;\">Bu \u00e7al\u0131\u015fmalar\u0131yla G\u0130SAM, hem ODT\u00dc\u2019n\u00fcn hem de Ankara\u2019n\u0131n sosyal ve sanatsal ya\u015fam\u0131na\n\u00f6nemli katk\u0131lar sunmaktad\u0131r.\nG\u0130SAM 2009 y\u0131l\u0131nda, video alan\u0131nda yaratt\u0131\u011f\u0131 etki nedeniyle 20. Ankara Uluslararas\u0131\nFilm Festivali kapsam\u0131nda \u201cKitle \u0130leti\u015fim \u00d6d\u00fcl\u00fc\u201dne lay\u0131k g\u00f6r\u00fclm\u00fc\u015ft\u00fcr.<\/p>\n\n\t\t<\/div>\n\t<\/div>\n<\/div><\/div><\/div><\/div><div class=\"vc_row wpb_row vc_row-fluid\"><div class=\"wpb_column vc_column_container vc_col-sm-12\"><div class=\"vc_column-inner\"><div class=\"wpb_wrapper\">\n\t<div class=\"wpb_text_column wpb_content_element\" >\n\t\t<div class=\"wpb_wrapper\">\n\t\t\t<h2>ST\u00dcDYO\/\u00c7EK\u0130M ALANI<\/h2>\n<p>G\u0130SAM, ODT\u00dc kamp\u00fcs\u00fcnde yer alan bir st\u00fcdyo binas\u0131nda faaliyet g\u00f6stermektedir.\n10x15 metre \u00f6l\u00e7\u00fclerinde \u00e7ekim platformuna, 6 metre tavan y\u00fcksekli\u011fine ve geli\u015fmi\u015f\nayd\u0131nlatma sistemine sahip olan st\u00fcdyo, kamera hareketlerine uygun antistatik\nzeminle kaplanm\u0131\u015ft\u0131r.<\/p>\n<p>St\u00fcdyo ve ili\u015fkili alanlar ise ses yal\u0131t\u0131m\u0131 ve havaland\u0131rma\nsistemiyle donat\u0131larak profesyonel bir \u00fcretim ortam\u0131 sunmaktad\u0131r.<\/p>\n\n\t\t<\/div>\n\t<\/div>\n<div class=\"vc_row wpb_row vc_inner vc_row-fluid\"><div class=\"wpb_column vc_column_container vc_col-sm-6\"><div class=\"vc_column-inner\"><div class=\"wpb_wrapper\">\n\t<div  class=\"wpb_single_image wpb_content_element vc_align_left\">\n\t\t\n\t\t<figure class=\"wpb_wrapper vc_figure\">\n\t\t\t<div class=\"vc_single_image-wrapper   vc_box_border_grey\"><img loading=\"lazy\" decoding=\"async\" width=\"1920\" height=\"1080\" src=\"https:\/\/gisam.metu.edu.tr\/wp-content\/uploads\/2026\/03\/Odtu-gisam-2.jpg\" class=\"vc_single_image-img attachment-full\" alt=\"\" title=\"G\u0130SAM ST\u00dcDYO\" srcset=\"https:\/\/gisam.metu.edu.tr\/wp-content\/uploads\/2026\/03\/Odtu-gisam-2.jpg 1920w, https:\/\/gisam.metu.edu.tr\/wp-content\/uploads\/2026\/03\/Odtu-gisam-2-1024x576.jpg 1024w, https:\/\/gisam.metu.edu.tr\/wp-content\/uploads\/2026\/03\/Odtu-gisam-2-768x432.jpg 768w, https:\/\/gisam.metu.edu.tr\/wp-content\/uploads\/2026\/03\/Odtu-gisam-2-1536x864.jpg 1536w, https:\/\/gisam.metu.edu.tr\/wp-content\/uploads\/2026\/03\/Odtu-gisam-2-18x10.jpg 18w\" sizes=\"auto, (max-width: 1920px) 100vw, 1920px\" \/><\/div>\n\t\t<\/figure>\n\t<\/div>\n<\/div><\/div><\/div><div class=\"wpb_column vc_column_container vc_col-sm-6\"><div class=\"vc_column-inner\"><div class=\"wpb_wrapper\">\n\t<div  class=\"wpb_single_image wpb_content_element vc_align_left\">\n\t\t\n\t\t<figure class=\"wpb_wrapper vc_figure\">\n\t\t\t<div class=\"vc_single_image-wrapper   vc_box_border_grey\"><img loading=\"lazy\" decoding=\"async\" width=\"1920\" height=\"1080\" src=\"https:\/\/gisam.metu.edu.tr\/wp-content\/uploads\/2026\/03\/Odtu-gisam-3.jpg\" class=\"vc_single_image-img attachment-full\" alt=\"\" title=\"Odt\u00fc gisam (3)\" srcset=\"https:\/\/gisam.metu.edu.tr\/wp-content\/uploads\/2026\/03\/Odtu-gisam-3.jpg 1920w, https:\/\/gisam.metu.edu.tr\/wp-content\/uploads\/2026\/03\/Odtu-gisam-3-1024x576.jpg 1024w, https:\/\/gisam.metu.edu.tr\/wp-content\/uploads\/2026\/03\/Odtu-gisam-3-768x432.jpg 768w, https:\/\/gisam.metu.edu.tr\/wp-content\/uploads\/2026\/03\/Odtu-gisam-3-1536x864.jpg 1536w, https:\/\/gisam.metu.edu.tr\/wp-content\/uploads\/2026\/03\/Odtu-gisam-3-18x10.jpg 18w\" sizes=\"auto, (max-width: 1920px) 100vw, 1920px\" \/><\/div>\n\t\t<\/figure>\n\t<\/div>\n<\/div><\/div><\/div><\/div><\/div><\/div><\/div><\/div><div class=\"vc_row wpb_row vc_row-fluid\"><div class=\"wpb_column vc_column_container vc_col-sm-12\"><div class=\"vc_column-inner\"><div class=\"wpb_wrapper\"><\/div><\/div><\/div><\/div><\/section>","protected":false},"excerpt":{"rendered":"<p style=\"text-align: center;\">G\u0130SAM (Audio-Visual Systems Research and Application Center) is a research and application center affiliated with the Middle East Technical University. One of G\u0130SAM&#8217;s important tasks is to maintain METU&#8217;s visual memory. Witnessing many important events on campus since its establishment in 1993, G\u0130SAM also records the pre-founding times through oral history studies, building and preserving METU&#8217;s institutional memory.<\/p>\n<p>&nbsp;<\/p>\n<p>&nbsp;<\/p>\n<\/p>\n<p>&nbsp;<\/p>\n<p style=\"text-align: left;\">\u00a0<\/p>\n<p>&nbsp;<\/p>\n<p style=\"text-align: left;\">\u00a0<\/p>\n<p style=\"text-align: center;\">\n<p>&nbsp;<\/p>\n<p style=\"text-align: left;\">Another important interest area of G\u0130SAM is science communication. As a video center [&#8230;]<\/p>\n","protected":false},"author":1,"featured_media":0,"parent":0,"menu_order":0,"comment_status":"closed","ping_status":"closed","template":"","meta":{"footnotes":""},"class_list":["post-4263","page","type-page","status-publish","hentry"],"_links":{"self":[{"href":"https:\/\/gisam.metu.edu.tr\/tr\/wp-json\/wp\/v2\/pages\/4263","targetHints":{"allow":["GET"]}}],"collection":[{"href":"https:\/\/gisam.metu.edu.tr\/tr\/wp-json\/wp\/v2\/pages"}],"about":[{"href":"https:\/\/gisam.metu.edu.tr\/tr\/wp-json\/wp\/v2\/types\/page"}],"author":[{"embeddable":true,"href":"https:\/\/gisam.metu.edu.tr\/tr\/wp-json\/wp\/v2\/users\/1"}],"replies":[{"embeddable":true,"href":"https:\/\/gisam.metu.edu.tr\/tr\/wp-json\/wp\/v2\/comments?post=4263"}],"version-history":[{"count":47,"href":"https:\/\/gisam.metu.edu.tr\/tr\/wp-json\/wp\/v2\/pages\/4263\/revisions"}],"predecessor-version":[{"id":4693,"href":"https:\/\/gisam.metu.edu.tr\/tr\/wp-json\/wp\/v2\/pages\/4263\/revisions\/4693"}],"wp:attachment":[{"href":"https:\/\/gisam.metu.edu.tr\/tr\/wp-json\/wp\/v2\/media?parent=4263"}],"curies":[{"name":"wp","href":"https:\/\/api.w.org\/{rel}","templated":true}]}}